{"id":1672,"date":"2021-04-30T13:38:30","date_gmt":"2021-04-30T11:38:30","guid":{"rendered":"https:\/\/eramon.de\/?page_id=1672"},"modified":"2024-10-27T18:47:55","modified_gmt":"2024-10-27T17:47:55","slug":"eramon-tritt-dem-bundesverband-breitbandkommunikation-e-v-breko-bei","status":"publish","type":"page","link":"https:\/\/eramon.de\/de\/eramon-tritt-dem-bundesverband-breitbandkommunikation-e-v-breko-bei\/","title":{"rendered":"ERAMON tritt dem Bundesverband Breitbandkommunikation e.V. (BREKO) bei"},"content":{"rendered":"<div class=\"wpb-content-wrapper\"><p>[vc_row][vc_column]<div id=\"ultimate-heading-727469f0b0b4178cc\" class=\"uvc-heading ult-adjust-bottom-margin ultimate-heading-727469f0b0b4178cc uvc-3861 \" data-hspacer=\"line_only\"  data-halign=\"left\" style=\"text-align:left\"><div class=\"uvc-main-heading ult-responsive\"  data-ultimate-target='.uvc-heading.ultimate-heading-727469f0b0b4178cc h1'  data-responsive-json-new='{\"font-size\":\"desktop:25px;\",\"line-height\":\"desktop:25px;\"}' ><h1 style=\"--font-weight:theme;color:#241f0c;margin-bottom:20px;\">ERAMON tritt dem Bundesverband Breitbandkommunikation e.V. (BREKO) bei<\/h1><\/div><div class=\"uvc-heading-spacer line_only\" style=\"margin-bottom:32px;height:2px;\"><span class=\"uvc-headings-line\" style=\"border-style:solid;border-bottom-width:2px;border-color:#cad30b;width:102px;\"><\/span><\/div><\/div>[\/vc_column][\/vc_row][vc_row][vc_column width=&#8220;2\/3&#8243;][vc_column_text]<strong>Augsburg, den 29. April 2021 &#8211;<\/strong> Der Glasfaserausbau ist eines der wichtigsten und zukunftstr\u00e4chtigsten Projekte der Digitalisierung in Deutschland. Daher ist es f\u00fcr ERAMON \u2013 als deutschem Anbieter f\u00fcr Netzwerk-Management-L\u00f6sungen \u2013 ein folgerichtiger Schritt, sich dem Interessensverband <a href=\"https:\/\/www.brekoverband.de\/breko\/breko-verband\/\">BREKO<\/a> anzuschlie\u00dfen. Die, nach aktuellem Stand, 385 Mitglieder des eingetragenen Vereins haben es sich zum Ziel gesetzt, den Glasfaserausbau mit Hochdruck voranzutreiben, die wei\u00dfen Flecken auf der Landkarte zu tilgen und den Wirtschaftsstandort Deutschland zum Durchbruch ins Gigabit-Zeitalter zu verhelfen.<\/p>\n<p>&nbsp;<\/p>\n<p>Dass es der 1999 gegr\u00fcndeten Vereinigung von Carriern, Stadtwerken und Netzwerkexperten mit dem Glasfaserausbau ernst ist, belegen die eindrucksvollen Zahlen aus dem Jahre 2019: 2,5 Milliarden Euro wurden in nur einem Jahr in die Verlegung von Glasfaserkabeln und -anschl\u00fcssen investiert. Somit zeichnet sich BREKO f\u00fcr rund 70 Prozent des wettbewerblichen Ausbaus mit direkten Glasfaseranschl\u00fcssen (FTTB \/ FTTH) verantwortlich und tr\u00e4gt damit ma\u00dfgeblich zur Erreichung der von der Bundesregierung ausgerufenen Ziele bei.<\/p>\n<p>&nbsp;<\/p>\n<p>Seit April 2021 ist ERAMON dem Verbund beigetreten und wird mit seiner langj\u00e4hrigen Expertise im Bereich Netzwerk-Management einen ma\u00dfgeblichen Beitrag zum fortgef\u00fchrten Erfolg von BREKO beisteuern.<\/p>\n<p>&nbsp;<\/p>\n<p>Der landesweite Glasfaserausbau ist eine Herkulesaufgabe und erfordert die Zusammenarbeit aller Beteiligten Unternehmen. Aus diesem Grund ist es unvermeidlich auf eine heterogene Hardware Landschaft zur\u00fcckzugreifen. ERAMON bietet eine homogene herstellerunabh\u00e4ngige Netzwerk-Management-L\u00f6sung um diese Heterogenit\u00e4t verwalten und \u00fcberwachen zu k\u00f6nnen.<\/p>\n<p>&nbsp;<\/p>\n<p>Der Glasfaserausbau ist nichts weniger als ein Schl\u00fcsselprojekt f\u00fcr die weitere Zukunfts- und Wettbewerbsf\u00e4higkeit Deutschlands in einer globalisierten und digitalen Weltwirtschaft. Daher ist es f\u00fcr ERAMON eine Herzensangelegenheit den Bundesverband Breitbandkommunikation e.V. mit aller Kraft zu unterst\u00fctzen um Firmen sowie Privathaushalte schnellstm\u00f6glich mit Glasfaseranschl\u00fcssen bis ins Haus zu versorgen und die wei\u00dfen Flecken der Netz-Landkarte zu schlie\u00dfen.<\/p>\n<p>&nbsp;<\/p>\n<p><strong>\u00dcber ERAMON<\/strong><\/p>\n<p><strong>\u00a0<\/strong><\/p>\n<p>2002 wurde ERAMON (Engineering, Rollout and Management of Networks) gegr\u00fcndet und hat sich seitdem als zuverl\u00e4ssige vollumf\u00e4ngliche Plattform f\u00fcr integriertes Netzmanagement in den Bereichen WAN-\/LAN- und IT-Infrastrukturen etabliert. Bereits in den fr\u00fchen 1990er Jahren hat der Firmengr\u00fcnder Gerd Hassler zusammen mit einem Partner ein Weitverkehrsnetz aufgebaut, welches als eines der ersten auf Basis von MPLS betrieben wurde.<\/p>\n<p>&nbsp;<\/p>\n<p>Durch eine einheitliche und \u00fcbersichtliche Plattform gelingt es ERAMON, die Komplexit\u00e4t einer verzweigten IT-Infrastruktur zu \u00fcberblicken und zu beherrschen. Die Konsolidierung der im WAN-\/LAN- und IT-Infrastruktur Betrieb eingesetzten Tools ist zwingend erforderlich, um den Herausforderungen der Zukunft an immer umfangreicheren Infrastrukturen gerecht zu werden.<\/p>\n<p>ERAMON bietet eine optimale und umfassende End-to-End Management-L\u00f6sung f\u00fcr heterogene IT-Infrastrukturen verbunden mit einem schnellen und unb\u00fcrokratischen Service direkt in Deutschland.[\/vc_column_text][\/vc_column][vc_column width=&#8220;1\/3&#8243;][vc_single_image image=&#8220;1669&#8243; img_size=&#8220;full&#8220; alignment=&#8220;right&#8220; onclick=&#8220;custom_link&#8220; image_hovers=&#8220;false&#8220; link=&#8220;https:\/\/www.brekoverband.de\/breko\/breko-verband\/&#8220;][vc_column_text]<strong>Pressekontakt<\/strong>: Florian Sch\u00f6nknecht<\/p>\n<p><a href=\"https:\/\/eramon.de\/de\/kontakt\/\">Hier geht&#8217;s zum Kontaktformular<\/a>[\/vc_column_text][\/vc_column][\/vc_row]<\/p>\n<\/div>","protected":false},"excerpt":{"rendered":"<p>[vc_row][vc_column][\/vc_column][\/vc_row][vc_row][vc_column width=&#8220;2\/3&#8243;][vc_column_text]Augsburg, den 29. April 2021 &#8211; Der Glasfaserausbau ist eines der wichtigsten und zukunftstr\u00e4chtigsten Projekte der Digitalisierung in Deutschland. Daher ist es f\u00fcr ERAMON \u2013 als deutschem Anbieter f\u00fcr Netzwerk-Management-L\u00f6sungen \u2013 ein folgerichtiger Schritt, sich dem Interessensverband BREKO anzuschlie\u00dfen. Die, nach aktuellem Stand, 385 Mitglieder des eingetragenen Vereins haben es sich zum Ziel gesetzt,&hellip;<\/p>\n","protected":false},"author":6,"featured_media":0,"parent":0,"menu_order":0,"comment_status":"closed","ping_status":"closed","template":"","meta":{"_monsterinsights_skip_tracking":false,"_monsterinsights_sitenote_active":false,"_monsterinsights_sitenote_note":"","_monsterinsights_sitenote_category":0,"footnotes":""},"class_list":["post-1672","page","type-page","status-publish","hentry","description-off"],"yoast_head":"<!-- This site is optimized with the Yoast SEO plugin v27.4 - https:\/\/yoast.com\/product\/yoast-seo-wordpress\/ -->\n<title>ERAMON Beitritt Bundesverband Breitbandkommunikation e.V.<\/title>\n<meta name=\"description\" content=\"ERAMON tritt dem Bundesverband Breitbandkommunikation e.V. (BREKO) bei. Glasfaserausbau eine wichtige S\u00e4ule der Digitalisierung.\" \/>\n<meta name=\"robots\" content=\"index, follow, max-snippet:-1, max-image-preview:large, max-video-preview:-1\" \/>\n<link rel=\"canonical\" href=\"https:\/\/eramon.de\/de\/eramon-tritt-dem-bundesverband-breitbandkommunikation-e-v-breko-bei\/\" \/>\n<meta property=\"og:locale\" content=\"de_DE\" \/>\n<meta property=\"og:type\" content=\"article\" \/>\n<meta property=\"og:title\" content=\"ERAMON Beitritt Bundesverband Breitbandkommunikation e.V.\" \/>\n<meta property=\"og:description\" content=\"ERAMON tritt dem Bundesverband Breitbandkommunikation e.V. (BREKO) bei. Glasfaserausbau eine wichtige S\u00e4ule der Digitalisierung.\" \/>\n<meta property=\"og:url\" content=\"https:\/\/eramon.de\/de\/eramon-tritt-dem-bundesverband-breitbandkommunikation-e-v-breko-bei\/\" \/>\n<meta property=\"og:site_name\" content=\"ERAMON\" \/>\n<meta property=\"article:modified_time\" content=\"2024-10-27T17:47:55+00:00\" \/>\n<meta name=\"twitter:card\" content=\"summary_large_image\" \/>\n<meta name=\"twitter:label1\" content=\"Gesch\u00e4tzte Lesezeit\" \/>\n\t<meta name=\"twitter:data1\" content=\"3\u00a0Minuten\" \/>\n<script type=\"application\/ld+json\" class=\"yoast-schema-graph\">{\"@context\":\"https:\\\/\\\/schema.org\",\"@graph\":[{\"@type\":\"WebPage\",\"@id\":\"https:\\\/\\\/eramon.de\\\/de\\\/eramon-tritt-dem-bundesverband-breitbandkommunikation-e-v-breko-bei\\\/\",\"url\":\"https:\\\/\\\/eramon.de\\\/de\\\/eramon-tritt-dem-bundesverband-breitbandkommunikation-e-v-breko-bei\\\/\",\"name\":\"ERAMON Beitritt Bundesverband Breitbandkommunikation e.V.\",\"isPartOf\":{\"@id\":\"https:\\\/\\\/eramon.de\\\/de\\\/#website\"},\"datePublished\":\"2021-04-30T11:38:30+00:00\",\"dateModified\":\"2024-10-27T17:47:55+00:00\",\"description\":\"ERAMON tritt dem Bundesverband Breitbandkommunikation e.V. (BREKO) bei. Glasfaserausbau eine wichtige S\u00e4ule der Digitalisierung.\",\"breadcrumb\":{\"@id\":\"https:\\\/\\\/eramon.de\\\/de\\\/eramon-tritt-dem-bundesverband-breitbandkommunikation-e-v-breko-bei\\\/#breadcrumb\"},\"inLanguage\":\"de\",\"potentialAction\":[{\"@type\":\"ReadAction\",\"target\":[\"https:\\\/\\\/eramon.de\\\/de\\\/eramon-tritt-dem-bundesverband-breitbandkommunikation-e-v-breko-bei\\\/\"]}]},{\"@type\":\"BreadcrumbList\",\"@id\":\"https:\\\/\\\/eramon.de\\\/de\\\/eramon-tritt-dem-bundesverband-breitbandkommunikation-e-v-breko-bei\\\/#breadcrumb\",\"itemListElement\":[{\"@type\":\"ListItem\",\"position\":1,\"name\":\"Startseite\",\"item\":\"https:\\\/\\\/eramon.de\\\/de\\\/\"},{\"@type\":\"ListItem\",\"position\":2,\"name\":\"ERAMON tritt dem Bundesverband Breitbandkommunikation e.V. (BREKO) bei\"}]},{\"@type\":\"WebSite\",\"@id\":\"https:\\\/\\\/eramon.de\\\/de\\\/#website\",\"url\":\"https:\\\/\\\/eramon.de\\\/de\\\/\",\"name\":\"ERAMON\",\"description\":\"Network Management\",\"publisher\":{\"@id\":\"https:\\\/\\\/eramon.de\\\/de\\\/#organization\"},\"potentialAction\":[{\"@type\":\"SearchAction\",\"target\":{\"@type\":\"EntryPoint\",\"urlTemplate\":\"https:\\\/\\\/eramon.de\\\/de\\\/?s={search_term_string}\"},\"query-input\":{\"@type\":\"PropertyValueSpecification\",\"valueRequired\":true,\"valueName\":\"search_term_string\"}}],\"inLanguage\":\"de\"},{\"@type\":\"Organization\",\"@id\":\"https:\\\/\\\/eramon.de\\\/de\\\/#organization\",\"name\":\"ERAMON GmbH\",\"url\":\"https:\\\/\\\/eramon.de\\\/de\\\/\",\"logo\":{\"@type\":\"ImageObject\",\"inLanguage\":\"de\",\"@id\":\"https:\\\/\\\/eramon.de\\\/de\\\/#\\\/schema\\\/logo\\\/image\\\/\",\"url\":\"https:\\\/\\\/eramon.de\\\/wp-content\\\/uploads\\\/2021\\\/02\\\/eramon-logo@2x-2.png\",\"contentUrl\":\"https:\\\/\\\/eramon.de\\\/wp-content\\\/uploads\\\/2021\\\/02\\\/eramon-logo@2x-2.png\",\"width\":612,\"height\":224,\"caption\":\"ERAMON GmbH\"},\"image\":{\"@id\":\"https:\\\/\\\/eramon.de\\\/de\\\/#\\\/schema\\\/logo\\\/image\\\/\"},\"sameAs\":[\"https:\\\/\\\/www.linkedin.com\\\/company\\\/eramon-gmbh\\\/\"]}]}<\/script>\n<!-- \/ Yoast SEO plugin. -->","yoast_head_json":{"title":"ERAMON Beitritt Bundesverband Breitbandkommunikation e.V.","description":"ERAMON tritt dem Bundesverband Breitbandkommunikation e.V. (BREKO) bei. Glasfaserausbau eine wichtige S\u00e4ule der Digitalisierung.","robots":{"index":"index","follow":"follow","max-snippet":"max-snippet:-1","max-image-preview":"max-image-preview:large","max-video-preview":"max-video-preview:-1"},"canonical":"https:\/\/eramon.de\/de\/eramon-tritt-dem-bundesverband-breitbandkommunikation-e-v-breko-bei\/","og_locale":"de_DE","og_type":"article","og_title":"ERAMON Beitritt Bundesverband Breitbandkommunikation e.V.","og_description":"ERAMON tritt dem Bundesverband Breitbandkommunikation e.V. (BREKO) bei. Glasfaserausbau eine wichtige S\u00e4ule der Digitalisierung.","og_url":"https:\/\/eramon.de\/de\/eramon-tritt-dem-bundesverband-breitbandkommunikation-e-v-breko-bei\/","og_site_name":"ERAMON","article_modified_time":"2024-10-27T17:47:55+00:00","twitter_card":"summary_large_image","twitter_misc":{"Gesch\u00e4tzte Lesezeit":"3\u00a0Minuten"},"schema":{"@context":"https:\/\/schema.org","@graph":[{"@type":"WebPage","@id":"https:\/\/eramon.de\/de\/eramon-tritt-dem-bundesverband-breitbandkommunikation-e-v-breko-bei\/","url":"https:\/\/eramon.de\/de\/eramon-tritt-dem-bundesverband-breitbandkommunikation-e-v-breko-bei\/","name":"ERAMON Beitritt Bundesverband Breitbandkommunikation e.V.","isPartOf":{"@id":"https:\/\/eramon.de\/de\/#website"},"datePublished":"2021-04-30T11:38:30+00:00","dateModified":"2024-10-27T17:47:55+00:00","description":"ERAMON tritt dem Bundesverband Breitbandkommunikation e.V. (BREKO) bei. Glasfaserausbau eine wichtige S\u00e4ule der Digitalisierung.","breadcrumb":{"@id":"https:\/\/eramon.de\/de\/eramon-tritt-dem-bundesverband-breitbandkommunikation-e-v-breko-bei\/#breadcrumb"},"inLanguage":"de","potentialAction":[{"@type":"ReadAction","target":["https:\/\/eramon.de\/de\/eramon-tritt-dem-bundesverband-breitbandkommunikation-e-v-breko-bei\/"]}]},{"@type":"BreadcrumbList","@id":"https:\/\/eramon.de\/de\/eramon-tritt-dem-bundesverband-breitbandkommunikation-e-v-breko-bei\/#breadcrumb","itemListElement":[{"@type":"ListItem","position":1,"name":"Startseite","item":"https:\/\/eramon.de\/de\/"},{"@type":"ListItem","position":2,"name":"ERAMON tritt dem Bundesverband Breitbandkommunikation e.V. (BREKO) bei"}]},{"@type":"WebSite","@id":"https:\/\/eramon.de\/de\/#website","url":"https:\/\/eramon.de\/de\/","name":"ERAMON","description":"Network Management","publisher":{"@id":"https:\/\/eramon.de\/de\/#organization"},"potentialAction":[{"@type":"SearchAction","target":{"@type":"EntryPoint","urlTemplate":"https:\/\/eramon.de\/de\/?s={search_term_string}"},"query-input":{"@type":"PropertyValueSpecification","valueRequired":true,"valueName":"search_term_string"}}],"inLanguage":"de"},{"@type":"Organization","@id":"https:\/\/eramon.de\/de\/#organization","name":"ERAMON GmbH","url":"https:\/\/eramon.de\/de\/","logo":{"@type":"ImageObject","inLanguage":"de","@id":"https:\/\/eramon.de\/de\/#\/schema\/logo\/image\/","url":"https:\/\/eramon.de\/wp-content\/uploads\/2021\/02\/eramon-logo@2x-2.png","contentUrl":"https:\/\/eramon.de\/wp-content\/uploads\/2021\/02\/eramon-logo@2x-2.png","width":612,"height":224,"caption":"ERAMON GmbH"},"image":{"@id":"https:\/\/eramon.de\/de\/#\/schema\/logo\/image\/"},"sameAs":["https:\/\/www.linkedin.com\/company\/eramon-gmbh\/"]}]}},"_links":{"self":[{"href":"https:\/\/eramon.de\/de\/wp-json\/wp\/v2\/pages\/1672","targetHints":{"allow":["GET"]}}],"collection":[{"href":"https:\/\/eramon.de\/de\/wp-json\/wp\/v2\/pages"}],"about":[{"href":"https:\/\/eramon.de\/de\/wp-json\/wp\/v2\/types\/page"}],"author":[{"embeddable":true,"href":"https:\/\/eramon.de\/de\/wp-json\/wp\/v2\/users\/6"}],"replies":[{"embeddable":true,"href":"https:\/\/eramon.de\/de\/wp-json\/wp\/v2\/comments?post=1672"}],"version-history":[{"count":4,"href":"https:\/\/eramon.de\/de\/wp-json\/wp\/v2\/pages\/1672\/revisions"}],"predecessor-version":[{"id":1679,"href":"https:\/\/eramon.de\/de\/wp-json\/wp\/v2\/pages\/1672\/revisions\/1679"}],"wp:attachment":[{"href":"https:\/\/eramon.de\/de\/wp-json\/wp\/v2\/media?parent=1672"}],"curies":[{"name":"wp","href":"https:\/\/api.w.org\/{rel}","templated":true}]}}